{"id":753,"date":"2024-02-24T15:21:54","date_gmt":"2024-02-24T14:21:54","guid":{"rendered":"https:\/\/boprestegard.no\/wp\/?post_type=tribe_events&#038;p=753"},"modified":"2024-03-24T10:30:15","modified_gmt":"2024-03-24T09:30:15","slug":"varsongkveld-erling-eriksen-ingunn-flatland-torgeir-hefre-og-anne-theie","status":"publish","type":"tribe_events","link":"https:\/\/boprestegard.no\/wp\/event\/varsongkveld-erling-eriksen-ingunn-flatland-torgeir-hefre-og-anne-theie\/","title":{"rendered":"V\u00e5rsongkveld"},"content":{"rendered":"<div  class=\"tribe-events-schedule tribe-clearfix\" >\n\t<p class=\"tribe-events-schedule__datetime\">\n\t\t<span class=\"tribe-events-schedule__date tribe-events-schedule__date--start\">\n\t\t\t17. april 2024\t\t<\/span>\n\n\t\t\t\t\t<span class=\"tribe-events-schedule__separator tribe-events-schedule__separator--date\">\n\t\t\t\t &#8211; \t\t\t<\/span>\n\t\t\t<span class=\"tribe-events-schedule__time tribe-events-schedule__time--start\">\n\t\t\t\t19:00\t\t\t<\/span>\n\t\t\n\t\t\t\t\t\t\t\t\t<span class=\"tribe-events-schedule__separator tribe-events-schedule__separator--time\">\n\t\t\t\t\t &#8211; \t\t\t\t<\/span>\n\t\t\t\n\t\t\t\t\t\t\t<span class=\"tribe-events-schedule__time tribe-events-schedule__time--end\">\n\t\t\t\t\t21:00\t\t\t\t<\/span>\n\t\t\t\n\t\t\t\t\t\t<\/p>\n<\/div>\n\n\n\n<figure class=\"wp-block-image size-full\"><img loading=\"lazy\" decoding=\"async\" width=\"1006\" height=\"586\" src=\"https:\/\/boprestegard.no\/wp\/wp-content\/uploads\/2024\/03\/Erling-Eriksen-Torgeir-Hefre-Anne-Theie-Ingun-Flatland.jpg\" alt=\"\" class=\"wp-image-778\" srcset=\"https:\/\/boprestegard.no\/wp\/wp-content\/uploads\/2024\/03\/Erling-Eriksen-Torgeir-Hefre-Anne-Theie-Ingun-Flatland.jpg 1006w, https:\/\/boprestegard.no\/wp\/wp-content\/uploads\/2024\/03\/Erling-Eriksen-Torgeir-Hefre-Anne-Theie-Ingun-Flatland-300x175.jpg 300w, https:\/\/boprestegard.no\/wp\/wp-content\/uploads\/2024\/03\/Erling-Eriksen-Torgeir-Hefre-Anne-Theie-Ingun-Flatland-768x447.jpg 768w\" sizes=\"auto, (max-width: 1006px) 100vw, 1006px\" \/><\/figure>\n\n\n\n<p class=\"wp-block-paragraph\">Ogs\u00e5 i v\u00e5r blir det konsert\/allsong p\u00e5 Prestegarden i B\u00f8. Musikarane er kjent for dei fleste: Anne Theie, Torgeir Hefre, Ingun Flatland og Erling Eriksen. I tillegg til desse fire blir Per Hermansen med p\u00e5 munnspel. <\/p>\n\n\n\n<p class=\"wp-block-paragraph\">Det blir garantert ein kveld med fine v\u00e5rtekstar og flott musikk og etterlengta allsong etter ein lang vinter! <\/p>\n\n\n\n<p class=\"wp-block-paragraph\">Inngangspengar kr 120,-<\/p>\n\n\n<div  class=\"tribe-block tribe-block__event-price\" >\n\t\t<\/div>\n\n\n\n\n<div  class=\"tribe-block tribe-block__venue tribe-clearfix tribe-block__venue--has-map\" >\n\t\n\t\n<div class=\"tribe-block__venue__meta\">\n\t<div class=\"tribe-block__venue__name\">\n\t\t<h3>B\u00f8 Prestegard<\/h3>\n\t<\/div>\n\n\t\n\t\t\t\t\t\t<address class=\"tribe-block__venue__address\">\n\t\t\t\t<span class=\"tribe-address\">\n\n<span class=\"tribe-street-address\">Prestevegen 4<\/span>\n\t\n\t\t<br>\n\t\t<span class=\"tribe-locality\">B\u00f8 i Telemark<\/span><span class=\"tribe-delimiter\">,<\/span>\n\n\n\t<span class=\"tribe-postal-code\">3802<\/span>\n\n\t<span class=\"tribe-country-name\">Norway<\/span>\n\n<\/span>\n\n\t\t\t\t\t\t\t\t\t<a class=\"tribe-events-gmap\" href=\"https:\/\/maps.google.com\/maps?f=q&#038;source=s_q&#038;hl=en&#038;geocode=&#038;q=Prestevegen+4+B%C3%B8+i+Telemark+3802+Norway\" title=\"Klikk for \u00e5 vise et Google-kart\" target=\"_blank\" rel=\"noreferrer noopener\">+ Google-kart<\/a>\t\t\t\t\t\t\t<\/address>\n\t\t\n\t\t\t\t\t<span class=\"tribe-block__venue__phone\">90139938<\/span><br \/>\n\t\t\n\t\t\t\t\t<span class=\"tribe-block__venue__website\"><a href=\"https:\/\/www.facebook.com\/profile.php?id=100064289425393\" target=\"_self\" rel=\"external\">Vis Steds nettsted<\/a><\/span><br \/>\n\t\t\t\n\t<\/div>\n\t\n<div class=\"tribe-block__venue__map\">\n\t\n<iframe loading=\"lazy\"\n  title=\"Google maps iframe displaying the address to B\u00f8 Prestegard\"\n  aria-label=\"Stedskart\"\n  width=\"310px\"\n  height=\"256px\"\n  frameborder=\"0\" style=\"border:0\"\n  src=\"https:\/\/www.google.com\/maps\/embed\/v1\/place?key=AIzaSyDNsicAsP6-VuGtAb1O9riI3oc_NOb7IOU&#038;q=Prestevegen+4+B%C3%B8+i+Telemark+3802+Norway+&#038;zoom=16\" allowfullscreen>\n<\/iframe>\n<\/div>\n\n\t<\/div>\n\n\n\n\n\t<div  class=\"tribe-block tribe-block__events-link\" >\n\t\t<div class=\"tribe-events tribe-common\">\n\t\t\t<div class=\"tribe-events-c-subscribe-dropdown__container\">\n\t\t\t\t<div class=\"tribe-events-c-subscribe-dropdown\">\n\t\t\t\t\t<div class=\"tribe-common-c-btn-border tribe-events-c-subscribe-dropdown__button\">\n\t\t\t\t\t\t<svg\n\t class=\"tribe-common-c-svgicon tribe-common-c-svgicon--cal-export tribe-events-c-subscribe-dropdown__export-icon\" \taria-hidden=\"true\"\n\tviewBox=\"0 0 23 17\"\n\txmlns=\"http:\/\/www.w3.org\/2000\/svg\"\n>\n\t<path fill-rule=\"evenodd\" clip-rule=\"evenodd\" d=\"M.128.896V16.13c0 .211.145.383.323.383h15.354c.179 0 .323-.172.323-.383V.896c0-.212-.144-.383-.323-.383H.451C.273.513.128.684.128.896Zm16 6.742h-.901V4.679H1.009v10.729h14.218v-3.336h.901V7.638ZM1.01 1.614h14.218v2.058H1.009V1.614Z\" \/>\n\t<path d=\"M20.5 9.846H8.312M18.524 6.953l2.89 2.909-2.855 2.855\" stroke-width=\"1.2\" stroke-linecap=\"round\" stroke-linejoin=\"round\"\/>\n<\/svg>\n\t\t\t\t\t\t<button\n\t\t\t\t\t\t\tclass=\"tribe-events-c-subscribe-dropdown__button-text\"\n\t\t\t\t\t\t\taria-expanded=\"false\"\n\t\t\t\t\t\t\taria-controls=\"tribe-events-subscribe-dropdown-content\"\n\t\t\t\t\t\t\taria-label=\"View links to add events to your calendar\"\n\t\t\t\t\t\t>\n\t\t\t\t\t\t\tLegg til i kalender\t\t\t\t\t\t<\/button>\n\t\t\t\t\t\t<svg\n\t class=\"tribe-common-c-svgicon tribe-common-c-svgicon--caret-down tribe-events-c-subscribe-dropdown__button-icon\" \taria-hidden=\"true\"\n\tviewBox=\"0 0 10 7\"\n\txmlns=\"http:\/\/www.w3.org\/2000\/svg\"\n>\n\t<path fill-rule=\"evenodd\" clip-rule=\"evenodd\" d=\"M1.008.609L5 4.6 8.992.61l.958.958L5 6.517.05 1.566l.958-.958z\" class=\"tribe-common-c-svgicon__svg-fill\"\/>\n<\/svg>\n\t\t\t\t\t<\/div>\n\t\t\t\t\t<div id=\"tribe-events-subscribe-dropdown-content\" class=\"tribe-events-c-subscribe-dropdown__content\">\n\t\t\t\t\t\t<ul class=\"tribe-events-c-subscribe-dropdown__list\">\n\t\t\t\t\t\t\t\t\t\t\t\t\t\t\t<li class=\"tribe-events-c-subscribe-dropdown__list-item tribe-events-c-subscribe-dropdown__list-item--gcal\">\n\t\t\t\t\t\t\t\t\t<a\n\t\t\t\t\t\t\t\t\t\thref=\"https:\/\/www.google.com\/calendar\/event?action=TEMPLATE&#038;dates=20240417T190000\/20240417T210000&#038;text=V%C3%A5rsongkveld&#038;details=%3Cfigure+class%3D%22wp-block-image+size-full%22%3E%3Cimg+src%3D%22https%3A%2F%2Fboprestegard.no%2Fwp%2Fwp-content%2Fuploads%2F2024%2F03%2FErling-Eriksen-Torgeir-Hefre-Anne-Theie-Ingun-Flatland.jpg%22+alt%3D%22%22+class%3D%22wp-image-778%22%2F%3E%3C%2Ffigure%3E%3Cp%3EOgs%C3%A5+i+v%C3%A5r+blir+det+konsert%2Fallsong+p%C3%A5+Prestegarden+i+B%C3%B8.+Musikarane+er+kjent+for+dei+fleste%3A+Anne+Theie%2C+Torgeir+Hefre%2C+Ingun+Flatland+og+Erling+Eriksen.+I+tillegg+til+desse+fire+blir+Per+Hermansen+med+p%C3%A5+munnspel.+%3C%2Fp%3E+%3Cp%3EDet+blir+garantert+ein+kveld+med+fine+v%C3%A5rtekstar+og+flott+musikk+og+etterlengta+allsong+etter+ein+lang+vinter%21+%3C%2Fp%3E+%3Cp%3EInngangspengar+kr+120%2C-%3C%2Fp%3E+&#038;location=B\u00f8%20Prestegard,%20Prestevegen%204,%20B\u00f8%20i%20Telemark,%203802,%20Norway&#038;trp=false&#038;ctz=Europe\/Oslo&#038;sprop=website:https:\/\/boprestegard.no\/wp\"\n\t\t\t\t\t\t\t\t\t\tclass=\"tribe-events-c-subscribe-dropdown__list-item-link\"\n\t\t\t\t\t\t\t\t\t\ttarget=\"_blank\"\n\t\t\t\t\t\t\t\t\t\trel=\"noopener noreferrer nofollow noindex\"\n\t\t\t\t\t\t\t\t\t>\n\t\t\t\t\t\t\t\t\t\tGoogle kalender\t\t\t\t\t\t\t\t\t<\/a>\n\t\t\t\t\t\t\t\t<\/li>\n\t\t\t\t\t\t\t\t\t\t\t\t\t\t\t<li class=\"tribe-events-c-subscribe-dropdown__list-item tribe-events-c-subscribe-dropdown__list-item--ical\">\n\t\t\t\t\t\t\t\t\t<a\n\t\t\t\t\t\t\t\t\t\thref=\"\"\n\t\t\t\t\t\t\t\t\t\tclass=\"tribe-events-c-subscribe-dropdown__list-item-link\"\n\t\t\t\t\t\t\t\t\t\ttarget=\"_blank\"\n\t\t\t\t\t\t\t\t\t\trel=\"noopener noreferrer nofollow noindex\"\n\t\t\t\t\t\t\t\t\t>\n\t\t\t\t\t\t\t\t\t\tiCalendar\t\t\t\t\t\t\t\t\t<\/a>\n\t\t\t\t\t\t\t\t<\/li>\n\t\t\t\t\t\t\t\t\t\t\t\t\t\t\t<li class=\"tribe-events-c-subscribe-dropdown__list-item tribe-events-c-subscribe-dropdown__list-item--outlook-365\">\n\t\t\t\t\t\t\t\t\t<a\n\t\t\t\t\t\t\t\t\t\thref=\"\"\n\t\t\t\t\t\t\t\t\t\tclass=\"tribe-events-c-subscribe-dropdown__list-item-link\"\n\t\t\t\t\t\t\t\t\t\ttarget=\"_blank\"\n\t\t\t\t\t\t\t\t\t\trel=\"noopener noreferrer nofollow noindex\"\n\t\t\t\t\t\t\t\t\t>\n\t\t\t\t\t\t\t\t\t\tOutlook 365\t\t\t\t\t\t\t\t\t<\/a>\n\t\t\t\t\t\t\t\t<\/li>\n\t\t\t\t\t\t\t\t\t\t\t\t\t\t\t<li class=\"tribe-events-c-subscribe-dropdown__list-item tribe-events-c-subscribe-dropdown__list-item--outlook-live\">\n\t\t\t\t\t\t\t\t\t<a\n\t\t\t\t\t\t\t\t\t\thref=\"\"\n\t\t\t\t\t\t\t\t\t\tclass=\"tribe-events-c-subscribe-dropdown__list-item-link\"\n\t\t\t\t\t\t\t\t\t\ttarget=\"_blank\"\n\t\t\t\t\t\t\t\t\t\trel=\"noopener noreferrer nofollow noindex\"\n\t\t\t\t\t\t\t\t\t>\n\t\t\t\t\t\t\t\t\t\tOutlook Live\t\t\t\t\t\t\t\t\t<\/a>\n\t\t\t\t\t\t\t\t<\/li>\n\t\t\t\t\t\t\t\t\t\t\t\t\t<\/ul>\n\t\t\t\t\t<\/div>\n\t\t\t\t<\/div>\n\t\t\t<\/div>\n\t\t<\/div>\n\t<\/div>\n\n","protected":false},"excerpt":{"rendered":"<p>Ogs\u00e5 i v\u00e5r blir det konsert\/allsong p\u00e5 Prestegarden i B\u00f8. Musikarane er kjent for dei fleste: Anne Theie, Torgeir Hefre, Ingun Flatland og Erling Eriksen. I tillegg til desse fire blir Per Hermansen med p\u00e5 munnspel. Det blir garantert ein kveld med fine v\u00e5rtekstar og flott musikk og etterlengta allsong etter ein lang vinter! Inngangspengar &#8230; <a title=\"V\u00e5rsongkveld\" class=\"read-more\" href=\"https:\/\/boprestegard.no\/wp\/event\/varsongkveld-erling-eriksen-ingunn-flatland-torgeir-hefre-og-anne-theie\/\" aria-label=\"Read more about V\u00e5rsongkveld\">Read more<\/a><\/p>\n","protected":false},"author":1,"featured_media":0,"template":"","meta":{"_crdt_document":"","generate_page_header":"","_EventAllDay":false,"_EventTimezone":"Europe\/Oslo","_EventStartDate":"2024-04-17 19:00:00","_EventEndDate":"2024-04-17 21:00:00","_EventStartDateUTC":"2024-04-17 17:00:00","_EventEndDateUTC":"2024-04-17 19:00:00","_EventShowMap":false,"_EventShowMapLink":false,"_EventURL":"","_EventCost":"","_EventCostDescription":"","_EventCurrencySymbol":"kr","_EventCurrencyCode":"NOK","_EventCurrencyPosition":"prefix","_EventDateTimeSeparator":" - ","_EventTimeRangeSeparator":" - ","_EventOrganizerID":[],"_EventVenueID":[17],"_OrganizerEmail":"","_OrganizerPhone":"","_OrganizerWebsite":"","_VenueAddress":"","_VenueCity":"","_VenueCountry":"","_VenueProvince":"","_VenueState":"","_VenueZip":"","_VenuePhone":"","_VenueURL":"","_VenueStateProvince":"","_VenueLat":"","_VenueLng":"","_VenueShowMap":false,"_VenueShowMapLink":false,"_tribe_events_status":"","_tribe_events_status_reason":"","footnotes":""},"tags":[],"tribe_events_cat":[],"class_list":["post-753","tribe_events","type-tribe_events","status-publish","hentry"],"yoast_head":"<!-- This site is optimized with the Yoast SEO plugin v27.5 - https:\/\/yoast.com\/product\/yoast-seo-wordpress\/ -->\n<title>V\u00e5rsongkveld - B\u00f8 Prestegard<\/title>\n<meta name=\"robots\" content=\"index, follow, max-snippet:-1, max-image-preview:large, max-video-preview:-1\" \/>\n<link rel=\"canonical\" href=\"https:\/\/boprestegard.no\/wp\/event\/varsongkveld-erling-eriksen-ingunn-flatland-torgeir-hefre-og-anne-theie\/\" \/>\n<meta property=\"og:locale\" content=\"nb_NO\" \/>\n<meta property=\"og:type\" content=\"article\" \/>\n<meta property=\"og:title\" content=\"V\u00e5rsongkveld - B\u00f8 Prestegard\" \/>\n<meta property=\"og:description\" content=\"Ogs\u00e5 i v\u00e5r blir det konsert\/allsong p\u00e5 Prestegarden i B\u00f8. Musikarane er kjent for dei fleste: Anne Theie, Torgeir Hefre, Ingun Flatland og Erling Eriksen. I tillegg til desse fire blir Per Hermansen med p\u00e5 munnspel. Det blir garantert ein kveld med fine v\u00e5rtekstar og flott musikk og etterlengta allsong etter ein lang vinter! Inngangspengar ... Read more\" \/>\n<meta property=\"og:url\" content=\"https:\/\/boprestegard.no\/wp\/event\/varsongkveld-erling-eriksen-ingunn-flatland-torgeir-hefre-og-anne-theie\/\" \/>\n<meta property=\"og:site_name\" content=\"B\u00f8 Prestegard\" \/>\n<meta property=\"article:publisher\" content=\"https:\/\/nb-no.facebook.com\/B\u00f8-prestegard-215741351797958\/\" \/>\n<meta property=\"article:modified_time\" content=\"2024-03-24T09:30:15+00:00\" \/>\n<meta property=\"og:image\" content=\"https:\/\/boprestegard.no\/wp\/wp-content\/uploads\/2024\/03\/Erling-Eriksen-Torgeir-Hefre-Anne-Theie-Ingun-Flatland.jpg\" \/>\n<meta name=\"twitter:card\" content=\"summary_large_image\" \/>\n<script type=\"application\/ld+json\" class=\"yoast-schema-graph\">{\"@context\":\"https:\\\/\\\/schema.org\",\"@graph\":[{\"@type\":\"WebPage\",\"@id\":\"https:\\\/\\\/boprestegard.no\\\/wp\\\/event\\\/varsongkveld-erling-eriksen-ingunn-flatland-torgeir-hefre-og-anne-theie\\\/\",\"url\":\"https:\\\/\\\/boprestegard.no\\\/wp\\\/event\\\/varsongkveld-erling-eriksen-ingunn-flatland-torgeir-hefre-og-anne-theie\\\/\",\"name\":\"V\u00e5rsongkveld - B\u00f8 Prestegard\",\"isPartOf\":{\"@id\":\"http:\\\/\\\/boprestegard.no\\\/wp\\\/#website\"},\"primaryImageOfPage\":{\"@id\":\"https:\\\/\\\/boprestegard.no\\\/wp\\\/event\\\/varsongkveld-erling-eriksen-ingunn-flatland-torgeir-hefre-og-anne-theie\\\/#primaryimage\"},\"image\":{\"@id\":\"https:\\\/\\\/boprestegard.no\\\/wp\\\/event\\\/varsongkveld-erling-eriksen-ingunn-flatland-torgeir-hefre-og-anne-theie\\\/#primaryimage\"},\"thumbnailUrl\":\"https:\\\/\\\/boprestegard.no\\\/wp\\\/wp-content\\\/uploads\\\/2024\\\/03\\\/Erling-Eriksen-Torgeir-Hefre-Anne-Theie-Ingun-Flatland.jpg\",\"datePublished\":\"2024-02-24T14:21:54+00:00\",\"dateModified\":\"2024-03-24T09:30:15+00:00\",\"breadcrumb\":{\"@id\":\"https:\\\/\\\/boprestegard.no\\\/wp\\\/event\\\/varsongkveld-erling-eriksen-ingunn-flatland-torgeir-hefre-og-anne-theie\\\/#breadcrumb\"},\"inLanguage\":\"nb-NO\",\"potentialAction\":[{\"@type\":\"ReadAction\",\"target\":[\"https:\\\/\\\/boprestegard.no\\\/wp\\\/event\\\/varsongkveld-erling-eriksen-ingunn-flatland-torgeir-hefre-og-anne-theie\\\/\"]}]},{\"@type\":\"ImageObject\",\"inLanguage\":\"nb-NO\",\"@id\":\"https:\\\/\\\/boprestegard.no\\\/wp\\\/event\\\/varsongkveld-erling-eriksen-ingunn-flatland-torgeir-hefre-og-anne-theie\\\/#primaryimage\",\"url\":\"https:\\\/\\\/boprestegard.no\\\/wp\\\/wp-content\\\/uploads\\\/2024\\\/03\\\/Erling-Eriksen-Torgeir-Hefre-Anne-Theie-Ingun-Flatland.jpg\",\"contentUrl\":\"https:\\\/\\\/boprestegard.no\\\/wp\\\/wp-content\\\/uploads\\\/2024\\\/03\\\/Erling-Eriksen-Torgeir-Hefre-Anne-Theie-Ingun-Flatland.jpg\",\"width\":1006,\"height\":586},{\"@type\":\"BreadcrumbList\",\"@id\":\"https:\\\/\\\/boprestegard.no\\\/wp\\\/event\\\/varsongkveld-erling-eriksen-ingunn-flatland-torgeir-hefre-og-anne-theie\\\/#breadcrumb\",\"itemListElement\":[{\"@type\":\"ListItem\",\"position\":1,\"name\":\"Hjem\",\"item\":\"https:\\\/\\\/boprestegard.no\\\/wp\\\/\"},{\"@type\":\"ListItem\",\"position\":2,\"name\":\"Arrangementer\",\"item\":\"https:\\\/\\\/boprestegard.no\\\/wp\\\/events\\\/\"},{\"@type\":\"ListItem\",\"position\":3,\"name\":\"V\u00e5rsongkveld\"}]},{\"@type\":\"WebSite\",\"@id\":\"http:\\\/\\\/boprestegard.no\\\/wp\\\/#website\",\"url\":\"http:\\\/\\\/boprestegard.no\\\/wp\\\/\",\"name\":\"B\u00f8 Prestegard\",\"description\":\"\",\"publisher\":{\"@id\":\"http:\\\/\\\/boprestegard.no\\\/wp\\\/#organization\"},\"potentialAction\":[{\"@type\":\"SearchAction\",\"target\":{\"@type\":\"EntryPoint\",\"urlTemplate\":\"http:\\\/\\\/boprestegard.no\\\/wp\\\/?s={search_term_string}\"},\"query-input\":{\"@type\":\"PropertyValueSpecification\",\"valueRequired\":true,\"valueName\":\"search_term_string\"}}],\"inLanguage\":\"nb-NO\"},{\"@type\":\"Organization\",\"@id\":\"http:\\\/\\\/boprestegard.no\\\/wp\\\/#organization\",\"name\":\"B\u00f8 Prestegard\",\"url\":\"http:\\\/\\\/boprestegard.no\\\/wp\\\/\",\"logo\":{\"@type\":\"ImageObject\",\"inLanguage\":\"nb-NO\",\"@id\":\"http:\\\/\\\/boprestegard.no\\\/wp\\\/#\\\/schema\\\/logo\\\/image\\\/\",\"url\":\"http:\\\/\\\/boprestegard.no\\\/wp\\\/wp-content\\\/uploads\\\/2018\\\/06\\\/toppbilde_ny.jpg\",\"contentUrl\":\"http:\\\/\\\/boprestegard.no\\\/wp\\\/wp-content\\\/uploads\\\/2018\\\/06\\\/toppbilde_ny.jpg\",\"width\":1200,\"height\":230,\"caption\":\"B\u00f8 Prestegard\"},\"image\":{\"@id\":\"http:\\\/\\\/boprestegard.no\\\/wp\\\/#\\\/schema\\\/logo\\\/image\\\/\"},\"sameAs\":[\"https:\\\/\\\/nb-no.facebook.com\\\/B\u00f8-prestegard-215741351797958\\\/\"]}]}<\/script>\n<!-- \/ Yoast SEO plugin. -->","yoast_head_json":{"title":"V\u00e5rsongkveld - B\u00f8 Prestegard","robots":{"index":"index","follow":"follow","max-snippet":"max-snippet:-1","max-image-preview":"max-image-preview:large","max-video-preview":"max-video-preview:-1"},"canonical":"https:\/\/boprestegard.no\/wp\/event\/varsongkveld-erling-eriksen-ingunn-flatland-torgeir-hefre-og-anne-theie\/","og_locale":"nb_NO","og_type":"article","og_title":"V\u00e5rsongkveld - B\u00f8 Prestegard","og_description":"Ogs\u00e5 i v\u00e5r blir det konsert\/allsong p\u00e5 Prestegarden i B\u00f8. Musikarane er kjent for dei fleste: Anne Theie, Torgeir Hefre, Ingun Flatland og Erling Eriksen. I tillegg til desse fire blir Per Hermansen med p\u00e5 munnspel. Det blir garantert ein kveld med fine v\u00e5rtekstar og flott musikk og etterlengta allsong etter ein lang vinter! Inngangspengar ... Read more","og_url":"https:\/\/boprestegard.no\/wp\/event\/varsongkveld-erling-eriksen-ingunn-flatland-torgeir-hefre-og-anne-theie\/","og_site_name":"B\u00f8 Prestegard","article_publisher":"https:\/\/nb-no.facebook.com\/B\u00f8-prestegard-215741351797958\/","article_modified_time":"2024-03-24T09:30:15+00:00","og_image":[{"url":"https:\/\/boprestegard.no\/wp\/wp-content\/uploads\/2024\/03\/Erling-Eriksen-Torgeir-Hefre-Anne-Theie-Ingun-Flatland.jpg","type":"","width":"","height":""}],"twitter_card":"summary_large_image","schema":{"@context":"https:\/\/schema.org","@graph":[{"@type":"WebPage","@id":"https:\/\/boprestegard.no\/wp\/event\/varsongkveld-erling-eriksen-ingunn-flatland-torgeir-hefre-og-anne-theie\/","url":"https:\/\/boprestegard.no\/wp\/event\/varsongkveld-erling-eriksen-ingunn-flatland-torgeir-hefre-og-anne-theie\/","name":"V\u00e5rsongkveld - B\u00f8 Prestegard","isPartOf":{"@id":"http:\/\/boprestegard.no\/wp\/#website"},"primaryImageOfPage":{"@id":"https:\/\/boprestegard.no\/wp\/event\/varsongkveld-erling-eriksen-ingunn-flatland-torgeir-hefre-og-anne-theie\/#primaryimage"},"image":{"@id":"https:\/\/boprestegard.no\/wp\/event\/varsongkveld-erling-eriksen-ingunn-flatland-torgeir-hefre-og-anne-theie\/#primaryimage"},"thumbnailUrl":"https:\/\/boprestegard.no\/wp\/wp-content\/uploads\/2024\/03\/Erling-Eriksen-Torgeir-Hefre-Anne-Theie-Ingun-Flatland.jpg","datePublished":"2024-02-24T14:21:54+00:00","dateModified":"2024-03-24T09:30:15+00:00","breadcrumb":{"@id":"https:\/\/boprestegard.no\/wp\/event\/varsongkveld-erling-eriksen-ingunn-flatland-torgeir-hefre-og-anne-theie\/#breadcrumb"},"inLanguage":"nb-NO","potentialAction":[{"@type":"ReadAction","target":["https:\/\/boprestegard.no\/wp\/event\/varsongkveld-erling-eriksen-ingunn-flatland-torgeir-hefre-og-anne-theie\/"]}]},{"@type":"ImageObject","inLanguage":"nb-NO","@id":"https:\/\/boprestegard.no\/wp\/event\/varsongkveld-erling-eriksen-ingunn-flatland-torgeir-hefre-og-anne-theie\/#primaryimage","url":"https:\/\/boprestegard.no\/wp\/wp-content\/uploads\/2024\/03\/Erling-Eriksen-Torgeir-Hefre-Anne-Theie-Ingun-Flatland.jpg","contentUrl":"https:\/\/boprestegard.no\/wp\/wp-content\/uploads\/2024\/03\/Erling-Eriksen-Torgeir-Hefre-Anne-Theie-Ingun-Flatland.jpg","width":1006,"height":586},{"@type":"BreadcrumbList","@id":"https:\/\/boprestegard.no\/wp\/event\/varsongkveld-erling-eriksen-ingunn-flatland-torgeir-hefre-og-anne-theie\/#breadcrumb","itemListElement":[{"@type":"ListItem","position":1,"name":"Hjem","item":"https:\/\/boprestegard.no\/wp\/"},{"@type":"ListItem","position":2,"name":"Arrangementer","item":"https:\/\/boprestegard.no\/wp\/events\/"},{"@type":"ListItem","position":3,"name":"V\u00e5rsongkveld"}]},{"@type":"WebSite","@id":"http:\/\/boprestegard.no\/wp\/#website","url":"http:\/\/boprestegard.no\/wp\/","name":"B\u00f8 Prestegard","description":"","publisher":{"@id":"http:\/\/boprestegard.no\/wp\/#organization"},"potentialAction":[{"@type":"SearchAction","target":{"@type":"EntryPoint","urlTemplate":"http:\/\/boprestegard.no\/wp\/?s={search_term_string}"},"query-input":{"@type":"PropertyValueSpecification","valueRequired":true,"valueName":"search_term_string"}}],"inLanguage":"nb-NO"},{"@type":"Organization","@id":"http:\/\/boprestegard.no\/wp\/#organization","name":"B\u00f8 Prestegard","url":"http:\/\/boprestegard.no\/wp\/","logo":{"@type":"ImageObject","inLanguage":"nb-NO","@id":"http:\/\/boprestegard.no\/wp\/#\/schema\/logo\/image\/","url":"http:\/\/boprestegard.no\/wp\/wp-content\/uploads\/2018\/06\/toppbilde_ny.jpg","contentUrl":"http:\/\/boprestegard.no\/wp\/wp-content\/uploads\/2018\/06\/toppbilde_ny.jpg","width":1200,"height":230,"caption":"B\u00f8 Prestegard"},"image":{"@id":"http:\/\/boprestegard.no\/wp\/#\/schema\/logo\/image\/"},"sameAs":["https:\/\/nb-no.facebook.com\/B\u00f8-prestegard-215741351797958\/"]}]}},"_links":{"self":[{"href":"https:\/\/boprestegard.no\/wp\/wp-json\/wp\/v2\/tribe_events\/753","targetHints":{"allow":["GET"]}}],"collection":[{"href":"https:\/\/boprestegard.no\/wp\/wp-json\/wp\/v2\/tribe_events"}],"about":[{"href":"https:\/\/boprestegard.no\/wp\/wp-json\/wp\/v2\/types\/tribe_events"}],"author":[{"embeddable":true,"href":"https:\/\/boprestegard.no\/wp\/wp-json\/wp\/v2\/users\/1"}],"version-history":[{"count":7,"href":"https:\/\/boprestegard.no\/wp\/wp-json\/wp\/v2\/tribe_events\/753\/revisions"}],"predecessor-version":[{"id":781,"href":"https:\/\/boprestegard.no\/wp\/wp-json\/wp\/v2\/tribe_events\/753\/revisions\/781"}],"wp:attachment":[{"href":"https:\/\/boprestegard.no\/wp\/wp-json\/wp\/v2\/media?parent=753"}],"wp:term":[{"taxonomy":"post_tag","embeddable":true,"href":"https:\/\/boprestegard.no\/wp\/wp-json\/wp\/v2\/tags?post=753"},{"taxonomy":"tribe_events_cat","embeddable":true,"href":"https:\/\/boprestegard.no\/wp\/wp-json\/wp\/v2\/tribe_events_cat?post=753"}],"curies":[{"name":"wp","href":"https:\/\/api.w.org\/{rel}","templated":true}]}}