{"id":744,"date":"2024-01-26T11:46:48","date_gmt":"2024-01-26T10:46:48","guid":{"rendered":"https:\/\/boprestegard.no\/wp\/?post_type=tribe_events&#038;p=744"},"modified":"2024-01-26T11:46:49","modified_gmt":"2024-01-26T10:46:49","slug":"konsert-i-prestegarden-tysdag-14-februar","status":"publish","type":"tribe_events","link":"https:\/\/boprestegard.no\/wp\/event\/konsert-i-prestegarden-tysdag-14-februar\/","title":{"rendered":"Konsert i prestegarden tysdag 14. februar"},"content":{"rendered":"<div  class=\"tribe-events-schedule tribe-clearfix\" >\n\t<p class=\"tribe-events-schedule__datetime\">\n\t\t<span class=\"tribe-events-schedule__date tribe-events-schedule__date--start\">\n\t\t\t14. februar 2024\t\t<\/span>\n\n\t\t\t\t\t<span class=\"tribe-events-schedule__separator tribe-events-schedule__separator--date\">\n\t\t\t\t &#8211; \t\t\t<\/span>\n\t\t\t<span class=\"tribe-events-schedule__time tribe-events-schedule__time--start\">\n\t\t\t\t19:00\t\t\t<\/span>\n\t\t\n\t\t\t\t\t\t\t\t\t<span class=\"tribe-events-schedule__separator tribe-events-schedule__separator--time\">\n\t\t\t\t\t &#8211; \t\t\t\t<\/span>\n\t\t\t\n\t\t\t\t\t\t\t<span class=\"tribe-events-schedule__time tribe-events-schedule__time--end\">\n\t\t\t\t\t21:00\t\t\t\t<\/span>\n\t\t\t\n\t\t\t\t\t\t<\/p>\n<\/div>\n\n\n\n<p class=\"wp-block-paragraph\"><strong>Snart lyder klassiske toner ut fr\u00e5 B\u00f8 prestegard.<\/strong><\/p>\n\n\n\n<p class=\"wp-block-paragraph\"><strong>Tysdag 14. februar kl 19.00 inntar nemlig&nbsp;\u00ab<em>Sauherad trio\u00bb<\/em>&nbsp;prestegarden.<\/strong><\/p>\n\n\n\n<p class=\"wp-block-paragraph\"><strong>Dei skal framf\u00f8re verker av Bach, Hayden, Debussy og Dvorak.<\/strong><\/p>\n\n\n\n<p class=\"wp-block-paragraph\"><strong>Janne Brudvik Villa trakterer pianoet, Trond Villa fiolinen, og Ferdinand Wyller sin cello.&nbsp;<\/strong><\/p>\n\n\n\n<p class=\"wp-block-paragraph\"><strong>Janne og Trond har lang fartstid som profesjonelle musikare og pedagoger. Ferdinand Wyller er kunstnar og&nbsp; forfattar- og n\u00e5 \u2013 cellist.<\/strong><\/p>\n\n\n\n<p class=\"wp-block-paragraph\"><strong>Inngangsbillet kr 120<\/strong><\/p>\n\n\n\n<p class=\"wp-block-paragraph\"><strong>Alle er hjarteleg velkomne til varme tonar denne vinterkvelden! Kaffebordet er duka og heimlaga kaker serverast-<\/strong><\/p>\n\n\n\n<p class=\"wp-block-paragraph\"><strong>Konserten arrangeres i regi av prestegardens vener<\/strong><\/p>\n\n\n\n<figure class=\"wp-block-image size-full\"><img loading=\"lazy\" decoding=\"async\" width=\"640\" height=\"480\" src=\"https:\/\/boprestegard.no\/wp\/wp-content\/uploads\/2024\/01\/Villa.jpg\" alt=\"\" class=\"wp-image-738\" srcset=\"https:\/\/boprestegard.no\/wp\/wp-content\/uploads\/2024\/01\/Villa.jpg 640w, https:\/\/boprestegard.no\/wp\/wp-content\/uploads\/2024\/01\/Villa-300x225.jpg 300w\" sizes=\"auto, (max-width: 640px) 100vw, 640px\" \/><figcaption class=\"wp-element-caption\">Fr\u00e5 venstre Ferdinand Wyller. Janne Brudvik Villa og Trond Villa.<\/figcaption><\/figure>\n\n\n<div  class=\"tribe-block tribe-block__event-price\" >\n\t\t<\/div>\n\n\n\n\n<div  class=\"tribe-block tribe-block__venue tribe-clearfix\" >\n\t\n\t\t\n\t<\/div>\n\n\n\n\n\t<div  class=\"tribe-block tribe-block__events-link\" >\n\t\t<div class=\"tribe-events tribe-common\">\n\t\t\t<div class=\"tribe-events-c-subscribe-dropdown__container\">\n\t\t\t\t<div class=\"tribe-events-c-subscribe-dropdown\">\n\t\t\t\t\t<div class=\"tribe-common-c-btn-border tribe-events-c-subscribe-dropdown__button\">\n\t\t\t\t\t\t<svg\n\t class=\"tribe-common-c-svgicon tribe-common-c-svgicon--cal-export tribe-events-c-subscribe-dropdown__export-icon\" \taria-hidden=\"true\"\n\tviewBox=\"0 0 23 17\"\n\txmlns=\"http:\/\/www.w3.org\/2000\/svg\"\n>\n\t<path fill-rule=\"evenodd\" clip-rule=\"evenodd\" d=\"M.128.896V16.13c0 .211.145.383.323.383h15.354c.179 0 .323-.172.323-.383V.896c0-.212-.144-.383-.323-.383H.451C.273.513.128.684.128.896Zm16 6.742h-.901V4.679H1.009v10.729h14.218v-3.336h.901V7.638ZM1.01 1.614h14.218v2.058H1.009V1.614Z\" \/>\n\t<path d=\"M20.5 9.846H8.312M18.524 6.953l2.89 2.909-2.855 2.855\" stroke-width=\"1.2\" stroke-linecap=\"round\" stroke-linejoin=\"round\"\/>\n<\/svg>\n\t\t\t\t\t\t<button\n\t\t\t\t\t\t\tclass=\"tribe-events-c-subscribe-dropdown__button-text\"\n\t\t\t\t\t\t\taria-expanded=\"false\"\n\t\t\t\t\t\t\taria-controls=\"tribe-events-subscribe-dropdown-content\"\n\t\t\t\t\t\t\taria-label=\"View links to add events to your calendar\"\n\t\t\t\t\t\t>\n\t\t\t\t\t\t\tLegg til i kalender\t\t\t\t\t\t<\/button>\n\t\t\t\t\t\t<svg\n\t class=\"tribe-common-c-svgicon tribe-common-c-svgicon--caret-down tribe-events-c-subscribe-dropdown__button-icon\" \taria-hidden=\"true\"\n\tviewBox=\"0 0 10 7\"\n\txmlns=\"http:\/\/www.w3.org\/2000\/svg\"\n>\n\t<path fill-rule=\"evenodd\" clip-rule=\"evenodd\" d=\"M1.008.609L5 4.6 8.992.61l.958.958L5 6.517.05 1.566l.958-.958z\" class=\"tribe-common-c-svgicon__svg-fill\"\/>\n<\/svg>\n\t\t\t\t\t<\/div>\n\t\t\t\t\t<div id=\"tribe-events-subscribe-dropdown-content\" class=\"tribe-events-c-subscribe-dropdown__content\">\n\t\t\t\t\t\t<ul class=\"tribe-events-c-subscribe-dropdown__list\">\n\t\t\t\t\t\t\t\t\t\t\t\t\t\t\t<li class=\"tribe-events-c-subscribe-dropdown__list-item tribe-events-c-subscribe-dropdown__list-item--gcal\">\n\t\t\t\t\t\t\t\t\t<a\n\t\t\t\t\t\t\t\t\t\thref=\"https:\/\/www.google.com\/calendar\/event?action=TEMPLATE&#038;dates=20240214T190000\/20240214T210000&#038;text=Konsert%20i%20prestegarden%20tysdag%2014.%20februar&#038;details=%3Cp%3E%3Cstrong%3ESnart+lyder+klassiske+toner+ut+fr%C3%A5+B%C3%B8+prestegard.%3C%2Fstrong%3E%3C%2Fp%3E+%3Cp%3E%3Cstrong%3ETysdag+14.+februar+kl+19.00+inntar+nemlig%26nbsp%3B%C2%AB%3Cem%3ESauherad+trio%C2%BB%3C%2Fem%3E%26nbsp%3Bprestegarden.%3C%2Fstrong%3E%3C%2Fp%3E+%3Cp%3E%3Cstrong%3EDei+skal+framf%C3%B8re+verker+av+Bach%2C+Hayden%2C+Debussy+og+Dvorak.%3C%2Fstrong%3E%3C%2Fp%3E+%3Cp%3E%3Cstrong%3EJanne+Brudvik+Villa+trakterer+pianoet%2C+Trond+Villa+fiolinen%2C+og+Ferdinand+Wyller+sin+cello.%26nbsp%3B%3C%2Fstrong%3E%3C%2Fp%3E+%3Cp%3E%3Cstrong%3EJanne+og+Trond+har+lang+fartstid+som+profesjonelle+musikare+og+pedagoger.+Ferdinand+Wyller+er+kunstnar+og%26nbsp%3B+forfattar-+og+n%C3%A5+%E2%80%93+cellist.%3C%2Fstrong%3E%3C%2Fp%3E+%3Cp%3E%3Cstrong%3EInngangsbillet+kr+120%3C%2Fstrong%3E%3C%2Fp%3E+%3Cp%3E%3Cstrong%3EAlle+er+hjarteleg+velkomne+til+varme+tonar+denne+vinterkvelden%21+Kaffebordet+er+duka+og+heimlaga+kaker+serverast-%3C%2Fstrong%3E%3C%2Fp%3E+%3Cp%3E%3Cstrong%3EKonserten+arrangeres+i+regi+av+prestegardens+vener%3C%2Fstrong%3E%3C%2Fp%3E+%3Cfigure+class%3D%22wp-block-image+size-full%22%3E%3Cimg+src%3D%22https%3A%2F%2Fboprestegard.no%2Fwp%2Fwp-content%2Fuploads%2F2024%2F01%2FVilla.jpg%22+alt%3D%22%22+class%3D%22wp-im%3C%2Ffigure%3E+%28View+Full+arrangement+Description+Here%3A+https%3A%2F%2Fboprestegard.no%2Fwp%2Fevent%2Fkonsert-i-prestegarden-tysdag-14-februar%2F%29&#038;trp=false&#038;ctz=Europe\/Oslo&#038;sprop=website:https:\/\/boprestegard.no\/wp\"\n\t\t\t\t\t\t\t\t\t\tclass=\"tribe-events-c-subscribe-dropdown__list-item-link\"\n\t\t\t\t\t\t\t\t\t\ttarget=\"_blank\"\n\t\t\t\t\t\t\t\t\t\trel=\"noopener noreferrer nofollow noindex\"\n\t\t\t\t\t\t\t\t\t>\n\t\t\t\t\t\t\t\t\t\tGoogle kalender\t\t\t\t\t\t\t\t\t<\/a>\n\t\t\t\t\t\t\t\t<\/li>\n\t\t\t\t\t\t\t\t\t\t\t\t\t\t\t<li class=\"tribe-events-c-subscribe-dropdown__list-item tribe-events-c-subscribe-dropdown__list-item--ical\">\n\t\t\t\t\t\t\t\t\t<a\n\t\t\t\t\t\t\t\t\t\thref=\"\"\n\t\t\t\t\t\t\t\t\t\tclass=\"tribe-events-c-subscribe-dropdown__list-item-link\"\n\t\t\t\t\t\t\t\t\t\ttarget=\"_blank\"\n\t\t\t\t\t\t\t\t\t\trel=\"noopener noreferrer nofollow noindex\"\n\t\t\t\t\t\t\t\t\t>\n\t\t\t\t\t\t\t\t\t\tiCalendar\t\t\t\t\t\t\t\t\t<\/a>\n\t\t\t\t\t\t\t\t<\/li>\n\t\t\t\t\t\t\t\t\t\t\t\t\t\t\t<li class=\"tribe-events-c-subscribe-dropdown__list-item tribe-events-c-subscribe-dropdown__list-item--outlook-365\">\n\t\t\t\t\t\t\t\t\t<a\n\t\t\t\t\t\t\t\t\t\thref=\"\"\n\t\t\t\t\t\t\t\t\t\tclass=\"tribe-events-c-subscribe-dropdown__list-item-link\"\n\t\t\t\t\t\t\t\t\t\ttarget=\"_blank\"\n\t\t\t\t\t\t\t\t\t\trel=\"noopener noreferrer nofollow noindex\"\n\t\t\t\t\t\t\t\t\t>\n\t\t\t\t\t\t\t\t\t\tOutlook 365\t\t\t\t\t\t\t\t\t<\/a>\n\t\t\t\t\t\t\t\t<\/li>\n\t\t\t\t\t\t\t\t\t\t\t\t\t\t\t<li class=\"tribe-events-c-subscribe-dropdown__list-item tribe-events-c-subscribe-dropdown__list-item--outlook-live\">\n\t\t\t\t\t\t\t\t\t<a\n\t\t\t\t\t\t\t\t\t\thref=\"\"\n\t\t\t\t\t\t\t\t\t\tclass=\"tribe-events-c-subscribe-dropdown__list-item-link\"\n\t\t\t\t\t\t\t\t\t\ttarget=\"_blank\"\n\t\t\t\t\t\t\t\t\t\trel=\"noopener noreferrer nofollow noindex\"\n\t\t\t\t\t\t\t\t\t>\n\t\t\t\t\t\t\t\t\t\tOutlook Live\t\t\t\t\t\t\t\t\t<\/a>\n\t\t\t\t\t\t\t\t<\/li>\n\t\t\t\t\t\t\t\t\t\t\t\t\t<\/ul>\n\t\t\t\t\t<\/div>\n\t\t\t\t<\/div>\n\t\t\t<\/div>\n\t\t<\/div>\n\t<\/div>\n\n","protected":false},"excerpt":{"rendered":"<p>Snart lyder klassiske toner ut fr\u00e5 B\u00f8 prestegard. Tysdag 14. februar kl 19.00 inntar nemlig&nbsp;\u00abSauherad trio\u00bb&nbsp;prestegarden. Dei skal framf\u00f8re verker av Bach, Hayden, Debussy og Dvorak. Janne Brudvik Villa trakterer pianoet, Trond Villa fiolinen, og Ferdinand Wyller sin cello.&nbsp; Janne og Trond har lang fartstid som profesjonelle musikare og pedagoger. Ferdinand Wyller er kunstnar og&nbsp; &#8230; <a title=\"Konsert i prestegarden tysdag 14. februar\" class=\"read-more\" href=\"https:\/\/boprestegard.no\/wp\/event\/konsert-i-prestegarden-tysdag-14-februar\/\" aria-label=\"Read more about Konsert i prestegarden tysdag 14. februar\">Read more<\/a><\/p>\n","protected":false},"author":1,"featured_media":0,"template":"","meta":{"_crdt_document":"","generate_page_header":"","_EventAllDay":false,"_EventTimezone":"Europe\/Oslo","_EventStartDate":"2024-02-14 19:00:00","_EventEndDate":"2024-02-14 21:00:00","_EventStartDateUTC":"2024-02-14 18:00:00","_EventEndDateUTC":"2024-02-14 20:00:00","_EventShowMap":false,"_EventShowMapLink":false,"_EventURL":"","_EventCost":"","_EventCostDescription":"","_EventCurrencySymbol":"kr","_EventCurrencyCode":"NOK","_EventCurrencyPosition":"prefix","_EventDateTimeSeparator":" - ","_EventTimeRangeSeparator":" - ","_EventOrganizerID":[],"_EventVenueID":[],"_OrganizerEmail":"","_OrganizerPhone":"","_OrganizerWebsite":"","_VenueAddress":"","_VenueCity":"","_VenueCountry":"","_VenueProvince":"","_VenueState":"","_VenueZip":"","_VenuePhone":"","_VenueURL":"","_VenueStateProvince":"","_VenueLat":"","_VenueLng":"","_VenueShowMap":false,"_VenueShowMapLink":false,"_tribe_events_status":"","_tribe_events_status_reason":"","footnotes":""},"tags":[],"tribe_events_cat":[],"class_list":["post-744","tribe_events","type-tribe_events","status-publish","hentry"],"yoast_head":"<!-- This site is optimized with the Yoast SEO plugin v27.5 - https:\/\/yoast.com\/product\/yoast-seo-wordpress\/ -->\n<title>Konsert i prestegarden tysdag 14. februar - B\u00f8 Prestegard<\/title>\n<meta name=\"robots\" content=\"index, follow, max-snippet:-1, max-image-preview:large, max-video-preview:-1\" \/>\n<link rel=\"canonical\" href=\"https:\/\/boprestegard.no\/wp\/event\/konsert-i-prestegarden-tysdag-14-februar\/\" \/>\n<meta property=\"og:locale\" content=\"nb_NO\" \/>\n<meta property=\"og:type\" content=\"article\" \/>\n<meta property=\"og:title\" content=\"Konsert i prestegarden tysdag 14. februar - B\u00f8 Prestegard\" \/>\n<meta property=\"og:description\" content=\"Snart lyder klassiske toner ut fr\u00e5 B\u00f8 prestegard. Tysdag 14. februar kl 19.00 inntar nemlig&nbsp;\u00abSauherad trio\u00bb&nbsp;prestegarden. Dei skal framf\u00f8re verker av Bach, Hayden, Debussy og Dvorak. Janne Brudvik Villa trakterer pianoet, Trond Villa fiolinen, og Ferdinand Wyller sin cello.&nbsp; Janne og Trond har lang fartstid som profesjonelle musikare og pedagoger. Ferdinand Wyller er kunstnar og&nbsp; ... Read more\" \/>\n<meta property=\"og:url\" content=\"https:\/\/boprestegard.no\/wp\/event\/konsert-i-prestegarden-tysdag-14-februar\/\" \/>\n<meta property=\"og:site_name\" content=\"B\u00f8 Prestegard\" \/>\n<meta property=\"article:publisher\" content=\"https:\/\/nb-no.facebook.com\/B\u00f8-prestegard-215741351797958\/\" \/>\n<meta property=\"article:modified_time\" content=\"2024-01-26T10:46:49+00:00\" \/>\n<meta property=\"og:image\" content=\"https:\/\/boprestegard.no\/wp\/wp-content\/uploads\/2024\/01\/Villa.jpg\" \/>\n<meta name=\"twitter:card\" content=\"summary_large_image\" \/>\n<script type=\"application\/ld+json\" class=\"yoast-schema-graph\">{\"@context\":\"https:\\\/\\\/schema.org\",\"@graph\":[{\"@type\":\"WebPage\",\"@id\":\"https:\\\/\\\/boprestegard.no\\\/wp\\\/event\\\/konsert-i-prestegarden-tysdag-14-februar\\\/\",\"url\":\"https:\\\/\\\/boprestegard.no\\\/wp\\\/event\\\/konsert-i-prestegarden-tysdag-14-februar\\\/\",\"name\":\"Konsert i prestegarden tysdag 14. februar - B\u00f8 Prestegard\",\"isPartOf\":{\"@id\":\"http:\\\/\\\/boprestegard.no\\\/wp\\\/#website\"},\"primaryImageOfPage\":{\"@id\":\"https:\\\/\\\/boprestegard.no\\\/wp\\\/event\\\/konsert-i-prestegarden-tysdag-14-februar\\\/#primaryimage\"},\"image\":{\"@id\":\"https:\\\/\\\/boprestegard.no\\\/wp\\\/event\\\/konsert-i-prestegarden-tysdag-14-februar\\\/#primaryimage\"},\"thumbnailUrl\":\"https:\\\/\\\/boprestegard.no\\\/wp\\\/wp-content\\\/uploads\\\/2024\\\/01\\\/Villa.jpg\",\"datePublished\":\"2024-01-26T10:46:48+00:00\",\"dateModified\":\"2024-01-26T10:46:49+00:00\",\"breadcrumb\":{\"@id\":\"https:\\\/\\\/boprestegard.no\\\/wp\\\/event\\\/konsert-i-prestegarden-tysdag-14-februar\\\/#breadcrumb\"},\"inLanguage\":\"nb-NO\",\"potentialAction\":[{\"@type\":\"ReadAction\",\"target\":[\"https:\\\/\\\/boprestegard.no\\\/wp\\\/event\\\/konsert-i-prestegarden-tysdag-14-februar\\\/\"]}]},{\"@type\":\"ImageObject\",\"inLanguage\":\"nb-NO\",\"@id\":\"https:\\\/\\\/boprestegard.no\\\/wp\\\/event\\\/konsert-i-prestegarden-tysdag-14-februar\\\/#primaryimage\",\"url\":\"https:\\\/\\\/boprestegard.no\\\/wp\\\/wp-content\\\/uploads\\\/2024\\\/01\\\/Villa.jpg\",\"contentUrl\":\"https:\\\/\\\/boprestegard.no\\\/wp\\\/wp-content\\\/uploads\\\/2024\\\/01\\\/Villa.jpg\",\"width\":640,\"height\":480,\"caption\":\"Fr\u00e5 venstre Ferdinand Wyller. Janne Brudvik Villa og Trond Villa.\"},{\"@type\":\"BreadcrumbList\",\"@id\":\"https:\\\/\\\/boprestegard.no\\\/wp\\\/event\\\/konsert-i-prestegarden-tysdag-14-februar\\\/#breadcrumb\",\"itemListElement\":[{\"@type\":\"ListItem\",\"position\":1,\"name\":\"Hjem\",\"item\":\"https:\\\/\\\/boprestegard.no\\\/wp\\\/\"},{\"@type\":\"ListItem\",\"position\":2,\"name\":\"Arrangementer\",\"item\":\"https:\\\/\\\/boprestegard.no\\\/wp\\\/events\\\/\"},{\"@type\":\"ListItem\",\"position\":3,\"name\":\"Konsert i prestegarden tysdag 14. februar\"}]},{\"@type\":\"WebSite\",\"@id\":\"http:\\\/\\\/boprestegard.no\\\/wp\\\/#website\",\"url\":\"http:\\\/\\\/boprestegard.no\\\/wp\\\/\",\"name\":\"B\u00f8 Prestegard\",\"description\":\"\",\"publisher\":{\"@id\":\"http:\\\/\\\/boprestegard.no\\\/wp\\\/#organization\"},\"potentialAction\":[{\"@type\":\"SearchAction\",\"target\":{\"@type\":\"EntryPoint\",\"urlTemplate\":\"http:\\\/\\\/boprestegard.no\\\/wp\\\/?s={search_term_string}\"},\"query-input\":{\"@type\":\"PropertyValueSpecification\",\"valueRequired\":true,\"valueName\":\"search_term_string\"}}],\"inLanguage\":\"nb-NO\"},{\"@type\":\"Organization\",\"@id\":\"http:\\\/\\\/boprestegard.no\\\/wp\\\/#organization\",\"name\":\"B\u00f8 Prestegard\",\"url\":\"http:\\\/\\\/boprestegard.no\\\/wp\\\/\",\"logo\":{\"@type\":\"ImageObject\",\"inLanguage\":\"nb-NO\",\"@id\":\"http:\\\/\\\/boprestegard.no\\\/wp\\\/#\\\/schema\\\/logo\\\/image\\\/\",\"url\":\"http:\\\/\\\/boprestegard.no\\\/wp\\\/wp-content\\\/uploads\\\/2018\\\/06\\\/toppbilde_ny.jpg\",\"contentUrl\":\"http:\\\/\\\/boprestegard.no\\\/wp\\\/wp-content\\\/uploads\\\/2018\\\/06\\\/toppbilde_ny.jpg\",\"width\":1200,\"height\":230,\"caption\":\"B\u00f8 Prestegard\"},\"image\":{\"@id\":\"http:\\\/\\\/boprestegard.no\\\/wp\\\/#\\\/schema\\\/logo\\\/image\\\/\"},\"sameAs\":[\"https:\\\/\\\/nb-no.facebook.com\\\/B\u00f8-prestegard-215741351797958\\\/\"]}]}<\/script>\n<!-- \/ Yoast SEO plugin. -->","yoast_head_json":{"title":"Konsert i prestegarden tysdag 14. februar - B\u00f8 Prestegard","robots":{"index":"index","follow":"follow","max-snippet":"max-snippet:-1","max-image-preview":"max-image-preview:large","max-video-preview":"max-video-preview:-1"},"canonical":"https:\/\/boprestegard.no\/wp\/event\/konsert-i-prestegarden-tysdag-14-februar\/","og_locale":"nb_NO","og_type":"article","og_title":"Konsert i prestegarden tysdag 14. februar - B\u00f8 Prestegard","og_description":"Snart lyder klassiske toner ut fr\u00e5 B\u00f8 prestegard. Tysdag 14. februar kl 19.00 inntar nemlig&nbsp;\u00abSauherad trio\u00bb&nbsp;prestegarden. Dei skal framf\u00f8re verker av Bach, Hayden, Debussy og Dvorak. Janne Brudvik Villa trakterer pianoet, Trond Villa fiolinen, og Ferdinand Wyller sin cello.&nbsp; Janne og Trond har lang fartstid som profesjonelle musikare og pedagoger. Ferdinand Wyller er kunstnar og&nbsp; ... Read more","og_url":"https:\/\/boprestegard.no\/wp\/event\/konsert-i-prestegarden-tysdag-14-februar\/","og_site_name":"B\u00f8 Prestegard","article_publisher":"https:\/\/nb-no.facebook.com\/B\u00f8-prestegard-215741351797958\/","article_modified_time":"2024-01-26T10:46:49+00:00","og_image":[{"url":"https:\/\/boprestegard.no\/wp\/wp-content\/uploads\/2024\/01\/Villa.jpg","type":"","width":"","height":""}],"twitter_card":"summary_large_image","schema":{"@context":"https:\/\/schema.org","@graph":[{"@type":"WebPage","@id":"https:\/\/boprestegard.no\/wp\/event\/konsert-i-prestegarden-tysdag-14-februar\/","url":"https:\/\/boprestegard.no\/wp\/event\/konsert-i-prestegarden-tysdag-14-februar\/","name":"Konsert i prestegarden tysdag 14. februar - B\u00f8 Prestegard","isPartOf":{"@id":"http:\/\/boprestegard.no\/wp\/#website"},"primaryImageOfPage":{"@id":"https:\/\/boprestegard.no\/wp\/event\/konsert-i-prestegarden-tysdag-14-februar\/#primaryimage"},"image":{"@id":"https:\/\/boprestegard.no\/wp\/event\/konsert-i-prestegarden-tysdag-14-februar\/#primaryimage"},"thumbnailUrl":"https:\/\/boprestegard.no\/wp\/wp-content\/uploads\/2024\/01\/Villa.jpg","datePublished":"2024-01-26T10:46:48+00:00","dateModified":"2024-01-26T10:46:49+00:00","breadcrumb":{"@id":"https:\/\/boprestegard.no\/wp\/event\/konsert-i-prestegarden-tysdag-14-februar\/#breadcrumb"},"inLanguage":"nb-NO","potentialAction":[{"@type":"ReadAction","target":["https:\/\/boprestegard.no\/wp\/event\/konsert-i-prestegarden-tysdag-14-februar\/"]}]},{"@type":"ImageObject","inLanguage":"nb-NO","@id":"https:\/\/boprestegard.no\/wp\/event\/konsert-i-prestegarden-tysdag-14-februar\/#primaryimage","url":"https:\/\/boprestegard.no\/wp\/wp-content\/uploads\/2024\/01\/Villa.jpg","contentUrl":"https:\/\/boprestegard.no\/wp\/wp-content\/uploads\/2024\/01\/Villa.jpg","width":640,"height":480,"caption":"Fr\u00e5 venstre Ferdinand Wyller. Janne Brudvik Villa og Trond Villa."},{"@type":"BreadcrumbList","@id":"https:\/\/boprestegard.no\/wp\/event\/konsert-i-prestegarden-tysdag-14-februar\/#breadcrumb","itemListElement":[{"@type":"ListItem","position":1,"name":"Hjem","item":"https:\/\/boprestegard.no\/wp\/"},{"@type":"ListItem","position":2,"name":"Arrangementer","item":"https:\/\/boprestegard.no\/wp\/events\/"},{"@type":"ListItem","position":3,"name":"Konsert i prestegarden tysdag 14. februar"}]},{"@type":"WebSite","@id":"http:\/\/boprestegard.no\/wp\/#website","url":"http:\/\/boprestegard.no\/wp\/","name":"B\u00f8 Prestegard","description":"","publisher":{"@id":"http:\/\/boprestegard.no\/wp\/#organization"},"potentialAction":[{"@type":"SearchAction","target":{"@type":"EntryPoint","urlTemplate":"http:\/\/boprestegard.no\/wp\/?s={search_term_string}"},"query-input":{"@type":"PropertyValueSpecification","valueRequired":true,"valueName":"search_term_string"}}],"inLanguage":"nb-NO"},{"@type":"Organization","@id":"http:\/\/boprestegard.no\/wp\/#organization","name":"B\u00f8 Prestegard","url":"http:\/\/boprestegard.no\/wp\/","logo":{"@type":"ImageObject","inLanguage":"nb-NO","@id":"http:\/\/boprestegard.no\/wp\/#\/schema\/logo\/image\/","url":"http:\/\/boprestegard.no\/wp\/wp-content\/uploads\/2018\/06\/toppbilde_ny.jpg","contentUrl":"http:\/\/boprestegard.no\/wp\/wp-content\/uploads\/2018\/06\/toppbilde_ny.jpg","width":1200,"height":230,"caption":"B\u00f8 Prestegard"},"image":{"@id":"http:\/\/boprestegard.no\/wp\/#\/schema\/logo\/image\/"},"sameAs":["https:\/\/nb-no.facebook.com\/B\u00f8-prestegard-215741351797958\/"]}]}},"_links":{"self":[{"href":"https:\/\/boprestegard.no\/wp\/wp-json\/wp\/v2\/tribe_events\/744","targetHints":{"allow":["GET"]}}],"collection":[{"href":"https:\/\/boprestegard.no\/wp\/wp-json\/wp\/v2\/tribe_events"}],"about":[{"href":"https:\/\/boprestegard.no\/wp\/wp-json\/wp\/v2\/types\/tribe_events"}],"author":[{"embeddable":true,"href":"https:\/\/boprestegard.no\/wp\/wp-json\/wp\/v2\/users\/1"}],"version-history":[{"count":1,"href":"https:\/\/boprestegard.no\/wp\/wp-json\/wp\/v2\/tribe_events\/744\/revisions"}],"predecessor-version":[{"id":745,"href":"https:\/\/boprestegard.no\/wp\/wp-json\/wp\/v2\/tribe_events\/744\/revisions\/745"}],"wp:attachment":[{"href":"https:\/\/boprestegard.no\/wp\/wp-json\/wp\/v2\/media?parent=744"}],"wp:term":[{"taxonomy":"post_tag","embeddable":true,"href":"https:\/\/boprestegard.no\/wp\/wp-json\/wp\/v2\/tags?post=744"},{"taxonomy":"tribe_events_cat","embeddable":true,"href":"https:\/\/boprestegard.no\/wp\/wp-json\/wp\/v2\/tribe_events_cat?post=744"}],"curies":[{"name":"wp","href":"https:\/\/api.w.org\/{rel}","templated":true}]}}