{"id":711,"date":"2023-11-11T12:10:16","date_gmt":"2023-11-11T11:10:16","guid":{"rendered":"https:\/\/boprestegard.no\/wp\/?post_type=tribe_events&#038;p=711"},"modified":"2023-11-15T10:05:23","modified_gmt":"2023-11-15T09:05:23","slug":"olaf-aagedal-tradisjonar-og-ritual-i-samband-med-advent-og-jul","status":"publish","type":"tribe_events","link":"https:\/\/boprestegard.no\/wp\/event\/olaf-aagedal-tradisjonar-og-ritual-i-samband-med-advent-og-jul\/","title":{"rendered":"Olaf Aagedal: Tradisjonar og ritual i samband med advent og jul."},"content":{"rendered":"<div  class=\"tribe-events-schedule tribe-clearfix\" >\n\t<p class=\"tribe-events-schedule__datetime\">\n\t\t<span class=\"tribe-events-schedule__date tribe-events-schedule__date--start\">\n\t\t\t28. november 2023\t\t<\/span>\n\n\t\t\t\t\t<span class=\"tribe-events-schedule__separator tribe-events-schedule__separator--date\">\n\t\t\t\t &#8211; \t\t\t<\/span>\n\t\t\t<span class=\"tribe-events-schedule__time tribe-events-schedule__time--start\">\n\t\t\t\t19:00\t\t\t<\/span>\n\t\t\n\t\t\t\t\t\t\t\t\t<span class=\"tribe-events-schedule__separator tribe-events-schedule__separator--time\">\n\t\t\t\t\t &#8211; \t\t\t\t<\/span>\n\t\t\t\n\t\t\t\t\t\t\t<span class=\"tribe-events-schedule__time tribe-events-schedule__time--end\">\n\t\t\t\t\t21:00\t\t\t\t<\/span>\n\t\t\t\n\t\t\t\t\t\t<\/p>\n<\/div>\n\n\n<div class=\"wp-block-image\">\n<figure class=\"alignleft size-full is-resized\"><img loading=\"lazy\" decoding=\"async\" width=\"993\" height=\"886\" src=\"https:\/\/boprestegard.no\/wp\/wp-content\/uploads\/2023\/11\/OlafAagedal.jpg\" alt=\"\" class=\"wp-image-720\" style=\"width:258px;height:auto\" srcset=\"https:\/\/boprestegard.no\/wp\/wp-content\/uploads\/2023\/11\/OlafAagedal.jpg 993w, https:\/\/boprestegard.no\/wp\/wp-content\/uploads\/2023\/11\/OlafAagedal-300x268.jpg 300w, https:\/\/boprestegard.no\/wp\/wp-content\/uploads\/2023\/11\/OlafAagedal-768x685.jpg 768w\" sizes=\"auto, (max-width: 993px) 100vw, 993px\" \/><\/figure>\n<\/div>\n\n\n<p class=\"wp-block-paragraph\">Ritual og tradisjonar er viktige for dei aller fleste av oss, ikkje minst knytta til f\u00f8rjulstid og jul. At gode hendingar gjentek seg, skaper samanheng og fellesskap b\u00e5de i mindre grupper og i samfunnet som heilskap.<\/p>\n\n\n\n<p class=\"wp-block-paragraph\">Olaf Aagedal er professor i kultursosiologi og forsker ved forskningsstiftelsen Kirkeforskning (KIFO). Han har s\u00e6rlig forsket p\u00e5 bruken av symboler og ritualer, og han har utgitt b\u00f8ker og artikler om offentlige hendelser som nasjonaldager, festivaler, jubileer og minnemarkeringer.<\/p>\n\n\n\n<p class=\"wp-block-paragraph\">Dette blir ein interessant kveld, med god tid til samtale over ein kaffekopp.<br>Inngangspengar kr 120,-<br>Servering<br>Velkommen!<br><\/p>\n\n\n<div  class=\"tribe-block tribe-block__organizer__details tribe-clearfix\" >\n\t<div class=\"tribe-block__organizer__title\">\n\t\t<h3>Vennelaget i Prestegarden<\/h3>\n\t<\/div>\n\t\t\t<\/div>\n\n\n<div  class=\"tribe-block tribe-block__venue tribe-clearfix tribe-block__venue--has-map\" >\n\t\n\t\n<div class=\"tribe-block__venue__meta\">\n\t<div class=\"tribe-block__venue__name\">\n\t\t<h3>B\u00f8 Prestegard<\/h3>\n\t<\/div>\n\n\t\n\t\t\t\t\t\t<address class=\"tribe-block__venue__address\">\n\t\t\t\t<span class=\"tribe-address\">\n\n<span class=\"tribe-street-address\">Prestevegen 4<\/span>\n\t\n\t\t<br>\n\t\t<span class=\"tribe-locality\">B\u00f8 i Telemark<\/span><span class=\"tribe-delimiter\">,<\/span>\n\n\n\t<span class=\"tribe-postal-code\">3802<\/span>\n\n\t<span class=\"tribe-country-name\">Norway<\/span>\n\n<\/span>\n\n\t\t\t\t\t\t\t\t\t<a class=\"tribe-events-gmap\" href=\"https:\/\/maps.google.com\/maps?f=q&#038;source=s_q&#038;hl=en&#038;geocode=&#038;q=Prestevegen+4+B%C3%B8+i+Telemark+3802+Norway\" title=\"Klikk for \u00e5 vise et Google-kart\" target=\"_blank\" rel=\"noreferrer noopener\">+ Google-kart<\/a>\t\t\t\t\t\t\t<\/address>\n\t\t\n\t\t\t\t\t<span class=\"tribe-block__venue__phone\">90139938<\/span><br \/>\n\t\t\n\t\t\t\t\t<span class=\"tribe-block__venue__website\"><a href=\"https:\/\/www.facebook.com\/profile.php?id=100064289425393\" target=\"_self\" rel=\"external\">Vis Steds nettsted<\/a><\/span><br \/>\n\t\t\t\n\t<\/div>\n\t\n<div class=\"tribe-block__venue__map\">\n\t\n<iframe loading=\"lazy\"\n  title=\"Google maps iframe displaying the address to B\u00f8 Prestegard\"\n  aria-label=\"Stedskart\"\n  width=\"310px\"\n  height=\"256px\"\n  frameborder=\"0\" style=\"border:0\"\n  src=\"https:\/\/www.google.com\/maps\/embed\/v1\/place?key=AIzaSyDNsicAsP6-VuGtAb1O9riI3oc_NOb7IOU&#038;q=Prestevegen+4+B%C3%B8+i+Telemark+3802+Norway+&#038;zoom=16\" allowfullscreen>\n<\/iframe>\n<\/div>\n\n\t<\/div>\n","protected":false},"excerpt":{"rendered":"<p>Ritual og tradisjonar er viktige for dei aller fleste av oss, ikkje minst knytta til f\u00f8rjulstid og jul. At gode hendingar gjentek seg, skaper samanheng og fellesskap b\u00e5de i mindre grupper og i samfunnet som heilskap. Olaf Aagedal er professor i kultursosiologi og forsker ved forskningsstiftelsen Kirkeforskning (KIFO). Han har s\u00e6rlig forsket p\u00e5 bruken av &#8230; <a title=\"Olaf Aagedal: Tradisjonar og ritual i samband med advent og jul.\" class=\"read-more\" href=\"https:\/\/boprestegard.no\/wp\/event\/olaf-aagedal-tradisjonar-og-ritual-i-samband-med-advent-og-jul\/\" aria-label=\"Read more about Olaf Aagedal: Tradisjonar og ritual i samband med advent og jul.\">Read more<\/a><\/p>\n","protected":false},"author":1,"featured_media":0,"template":"","meta":{"_crdt_document":"","generate_page_header":"","_EventAllDay":false,"_EventTimezone":"Europe\/Oslo","_EventStartDate":"2023-11-28 19:00:00","_EventEndDate":"2023-11-28 21:00:00","_EventStartDateUTC":"2023-11-28 18:00:00","_EventEndDateUTC":"2023-11-28 20:00:00","_EventShowMap":false,"_EventShowMapLink":false,"_EventURL":"","_EventCost":"120","_EventCostDescription":"","_EventCurrencySymbol":"$","_EventCurrencyCode":"NOK","_EventCurrencyPosition":"prefix","_EventDateTimeSeparator":" - ","_EventTimeRangeSeparator":" - ","_EventOrganizerID":[18],"_EventVenueID":[17],"_OrganizerEmail":"","_OrganizerPhone":"","_OrganizerWebsite":"","_VenueAddress":"","_VenueCity":"","_VenueCountry":"","_VenueProvince":"","_VenueState":"","_VenueZip":"","_VenuePhone":"","_VenueURL":"","_VenueStateProvince":"","_VenueLat":"","_VenueLng":"","_VenueShowMap":false,"_VenueShowMapLink":false,"_tribe_events_status":"","_tribe_events_status_reason":"","footnotes":""},"tags":[],"tribe_events_cat":[],"class_list":["post-711","tribe_events","type-tribe_events","status-publish","hentry"],"yoast_head":"<!-- This site is optimized with the Yoast SEO plugin v27.5 - https:\/\/yoast.com\/product\/yoast-seo-wordpress\/ -->\n<title>Olaf Aagedal: Tradisjonar og ritual i samband med advent og jul. - B\u00f8 Prestegard<\/title>\n<meta name=\"robots\" content=\"index, follow, max-snippet:-1, max-image-preview:large, max-video-preview:-1\" \/>\n<link rel=\"canonical\" href=\"https:\/\/boprestegard.no\/wp\/event\/olaf-aagedal-tradisjonar-og-ritual-i-samband-med-advent-og-jul\/\" \/>\n<meta property=\"og:locale\" content=\"nb_NO\" \/>\n<meta property=\"og:type\" content=\"article\" \/>\n<meta property=\"og:title\" content=\"Olaf Aagedal: Tradisjonar og ritual i samband med advent og jul. - B\u00f8 Prestegard\" \/>\n<meta property=\"og:description\" content=\"Ritual og tradisjonar er viktige for dei aller fleste av oss, ikkje minst knytta til f\u00f8rjulstid og jul. At gode hendingar gjentek seg, skaper samanheng og fellesskap b\u00e5de i mindre grupper og i samfunnet som heilskap. Olaf Aagedal er professor i kultursosiologi og forsker ved forskningsstiftelsen Kirkeforskning (KIFO). Han har s\u00e6rlig forsket p\u00e5 bruken av ... Read more\" \/>\n<meta property=\"og:url\" content=\"https:\/\/boprestegard.no\/wp\/event\/olaf-aagedal-tradisjonar-og-ritual-i-samband-med-advent-og-jul\/\" \/>\n<meta property=\"og:site_name\" content=\"B\u00f8 Prestegard\" \/>\n<meta property=\"article:publisher\" content=\"https:\/\/nb-no.facebook.com\/B\u00f8-prestegard-215741351797958\/\" \/>\n<meta property=\"article:modified_time\" content=\"2023-11-15T09:05:23+00:00\" \/>\n<meta property=\"og:image\" content=\"https:\/\/boprestegard.no\/wp\/wp-content\/uploads\/2023\/11\/OlafAagedal.jpg\" \/>\n<meta name=\"twitter:card\" content=\"summary_large_image\" \/>\n<script type=\"application\/ld+json\" class=\"yoast-schema-graph\">{\"@context\":\"https:\\\/\\\/schema.org\",\"@graph\":[{\"@type\":\"WebPage\",\"@id\":\"https:\\\/\\\/boprestegard.no\\\/wp\\\/event\\\/olaf-aagedal-tradisjonar-og-ritual-i-samband-med-advent-og-jul\\\/\",\"url\":\"https:\\\/\\\/boprestegard.no\\\/wp\\\/event\\\/olaf-aagedal-tradisjonar-og-ritual-i-samband-med-advent-og-jul\\\/\",\"name\":\"Olaf Aagedal: Tradisjonar og ritual i samband med advent og jul. - B\u00f8 Prestegard\",\"isPartOf\":{\"@id\":\"http:\\\/\\\/boprestegard.no\\\/wp\\\/#website\"},\"primaryImageOfPage\":{\"@id\":\"https:\\\/\\\/boprestegard.no\\\/wp\\\/event\\\/olaf-aagedal-tradisjonar-og-ritual-i-samband-med-advent-og-jul\\\/#primaryimage\"},\"image\":{\"@id\":\"https:\\\/\\\/boprestegard.no\\\/wp\\\/event\\\/olaf-aagedal-tradisjonar-og-ritual-i-samband-med-advent-og-jul\\\/#primaryimage\"},\"thumbnailUrl\":\"https:\\\/\\\/boprestegard.no\\\/wp\\\/wp-content\\\/uploads\\\/2023\\\/11\\\/OlafAagedal.jpg\",\"datePublished\":\"2023-11-11T11:10:16+00:00\",\"dateModified\":\"2023-11-15T09:05:23+00:00\",\"breadcrumb\":{\"@id\":\"https:\\\/\\\/boprestegard.no\\\/wp\\\/event\\\/olaf-aagedal-tradisjonar-og-ritual-i-samband-med-advent-og-jul\\\/#breadcrumb\"},\"inLanguage\":\"nb-NO\",\"potentialAction\":[{\"@type\":\"ReadAction\",\"target\":[\"https:\\\/\\\/boprestegard.no\\\/wp\\\/event\\\/olaf-aagedal-tradisjonar-og-ritual-i-samband-med-advent-og-jul\\\/\"]}]},{\"@type\":\"ImageObject\",\"inLanguage\":\"nb-NO\",\"@id\":\"https:\\\/\\\/boprestegard.no\\\/wp\\\/event\\\/olaf-aagedal-tradisjonar-og-ritual-i-samband-med-advent-og-jul\\\/#primaryimage\",\"url\":\"https:\\\/\\\/boprestegard.no\\\/wp\\\/wp-content\\\/uploads\\\/2023\\\/11\\\/OlafAagedal.jpg\",\"contentUrl\":\"https:\\\/\\\/boprestegard.no\\\/wp\\\/wp-content\\\/uploads\\\/2023\\\/11\\\/OlafAagedal.jpg\",\"width\":993,\"height\":886},{\"@type\":\"BreadcrumbList\",\"@id\":\"https:\\\/\\\/boprestegard.no\\\/wp\\\/event\\\/olaf-aagedal-tradisjonar-og-ritual-i-samband-med-advent-og-jul\\\/#breadcrumb\",\"itemListElement\":[{\"@type\":\"ListItem\",\"position\":1,\"name\":\"Hjem\",\"item\":\"https:\\\/\\\/boprestegard.no\\\/wp\\\/\"},{\"@type\":\"ListItem\",\"position\":2,\"name\":\"Arrangementer\",\"item\":\"https:\\\/\\\/boprestegard.no\\\/wp\\\/events\\\/\"},{\"@type\":\"ListItem\",\"position\":3,\"name\":\"Olaf Aagedal: Tradisjonar og ritual i samband med advent og jul.\"}]},{\"@type\":\"WebSite\",\"@id\":\"http:\\\/\\\/boprestegard.no\\\/wp\\\/#website\",\"url\":\"http:\\\/\\\/boprestegard.no\\\/wp\\\/\",\"name\":\"B\u00f8 Prestegard\",\"description\":\"\",\"publisher\":{\"@id\":\"http:\\\/\\\/boprestegard.no\\\/wp\\\/#organization\"},\"potentialAction\":[{\"@type\":\"SearchAction\",\"target\":{\"@type\":\"EntryPoint\",\"urlTemplate\":\"http:\\\/\\\/boprestegard.no\\\/wp\\\/?s={search_term_string}\"},\"query-input\":{\"@type\":\"PropertyValueSpecification\",\"valueRequired\":true,\"valueName\":\"search_term_string\"}}],\"inLanguage\":\"nb-NO\"},{\"@type\":\"Organization\",\"@id\":\"http:\\\/\\\/boprestegard.no\\\/wp\\\/#organization\",\"name\":\"B\u00f8 Prestegard\",\"url\":\"http:\\\/\\\/boprestegard.no\\\/wp\\\/\",\"logo\":{\"@type\":\"ImageObject\",\"inLanguage\":\"nb-NO\",\"@id\":\"http:\\\/\\\/boprestegard.no\\\/wp\\\/#\\\/schema\\\/logo\\\/image\\\/\",\"url\":\"http:\\\/\\\/boprestegard.no\\\/wp\\\/wp-content\\\/uploads\\\/2018\\\/06\\\/toppbilde_ny.jpg\",\"contentUrl\":\"http:\\\/\\\/boprestegard.no\\\/wp\\\/wp-content\\\/uploads\\\/2018\\\/06\\\/toppbilde_ny.jpg\",\"width\":1200,\"height\":230,\"caption\":\"B\u00f8 Prestegard\"},\"image\":{\"@id\":\"http:\\\/\\\/boprestegard.no\\\/wp\\\/#\\\/schema\\\/logo\\\/image\\\/\"},\"sameAs\":[\"https:\\\/\\\/nb-no.facebook.com\\\/B\u00f8-prestegard-215741351797958\\\/\"]}]}<\/script>\n<!-- \/ Yoast SEO plugin. -->","yoast_head_json":{"title":"Olaf Aagedal: Tradisjonar og ritual i samband med advent og jul. - B\u00f8 Prestegard","robots":{"index":"index","follow":"follow","max-snippet":"max-snippet:-1","max-image-preview":"max-image-preview:large","max-video-preview":"max-video-preview:-1"},"canonical":"https:\/\/boprestegard.no\/wp\/event\/olaf-aagedal-tradisjonar-og-ritual-i-samband-med-advent-og-jul\/","og_locale":"nb_NO","og_type":"article","og_title":"Olaf Aagedal: Tradisjonar og ritual i samband med advent og jul. - B\u00f8 Prestegard","og_description":"Ritual og tradisjonar er viktige for dei aller fleste av oss, ikkje minst knytta til f\u00f8rjulstid og jul. At gode hendingar gjentek seg, skaper samanheng og fellesskap b\u00e5de i mindre grupper og i samfunnet som heilskap. Olaf Aagedal er professor i kultursosiologi og forsker ved forskningsstiftelsen Kirkeforskning (KIFO). Han har s\u00e6rlig forsket p\u00e5 bruken av ... Read more","og_url":"https:\/\/boprestegard.no\/wp\/event\/olaf-aagedal-tradisjonar-og-ritual-i-samband-med-advent-og-jul\/","og_site_name":"B\u00f8 Prestegard","article_publisher":"https:\/\/nb-no.facebook.com\/B\u00f8-prestegard-215741351797958\/","article_modified_time":"2023-11-15T09:05:23+00:00","og_image":[{"url":"https:\/\/boprestegard.no\/wp\/wp-content\/uploads\/2023\/11\/OlafAagedal.jpg","type":"","width":"","height":""}],"twitter_card":"summary_large_image","schema":{"@context":"https:\/\/schema.org","@graph":[{"@type":"WebPage","@id":"https:\/\/boprestegard.no\/wp\/event\/olaf-aagedal-tradisjonar-og-ritual-i-samband-med-advent-og-jul\/","url":"https:\/\/boprestegard.no\/wp\/event\/olaf-aagedal-tradisjonar-og-ritual-i-samband-med-advent-og-jul\/","name":"Olaf Aagedal: Tradisjonar og ritual i samband med advent og jul. - B\u00f8 Prestegard","isPartOf":{"@id":"http:\/\/boprestegard.no\/wp\/#website"},"primaryImageOfPage":{"@id":"https:\/\/boprestegard.no\/wp\/event\/olaf-aagedal-tradisjonar-og-ritual-i-samband-med-advent-og-jul\/#primaryimage"},"image":{"@id":"https:\/\/boprestegard.no\/wp\/event\/olaf-aagedal-tradisjonar-og-ritual-i-samband-med-advent-og-jul\/#primaryimage"},"thumbnailUrl":"https:\/\/boprestegard.no\/wp\/wp-content\/uploads\/2023\/11\/OlafAagedal.jpg","datePublished":"2023-11-11T11:10:16+00:00","dateModified":"2023-11-15T09:05:23+00:00","breadcrumb":{"@id":"https:\/\/boprestegard.no\/wp\/event\/olaf-aagedal-tradisjonar-og-ritual-i-samband-med-advent-og-jul\/#breadcrumb"},"inLanguage":"nb-NO","potentialAction":[{"@type":"ReadAction","target":["https:\/\/boprestegard.no\/wp\/event\/olaf-aagedal-tradisjonar-og-ritual-i-samband-med-advent-og-jul\/"]}]},{"@type":"ImageObject","inLanguage":"nb-NO","@id":"https:\/\/boprestegard.no\/wp\/event\/olaf-aagedal-tradisjonar-og-ritual-i-samband-med-advent-og-jul\/#primaryimage","url":"https:\/\/boprestegard.no\/wp\/wp-content\/uploads\/2023\/11\/OlafAagedal.jpg","contentUrl":"https:\/\/boprestegard.no\/wp\/wp-content\/uploads\/2023\/11\/OlafAagedal.jpg","width":993,"height":886},{"@type":"BreadcrumbList","@id":"https:\/\/boprestegard.no\/wp\/event\/olaf-aagedal-tradisjonar-og-ritual-i-samband-med-advent-og-jul\/#breadcrumb","itemListElement":[{"@type":"ListItem","position":1,"name":"Hjem","item":"https:\/\/boprestegard.no\/wp\/"},{"@type":"ListItem","position":2,"name":"Arrangementer","item":"https:\/\/boprestegard.no\/wp\/events\/"},{"@type":"ListItem","position":3,"name":"Olaf Aagedal: Tradisjonar og ritual i samband med advent og jul."}]},{"@type":"WebSite","@id":"http:\/\/boprestegard.no\/wp\/#website","url":"http:\/\/boprestegard.no\/wp\/","name":"B\u00f8 Prestegard","description":"","publisher":{"@id":"http:\/\/boprestegard.no\/wp\/#organization"},"potentialAction":[{"@type":"SearchAction","target":{"@type":"EntryPoint","urlTemplate":"http:\/\/boprestegard.no\/wp\/?s={search_term_string}"},"query-input":{"@type":"PropertyValueSpecification","valueRequired":true,"valueName":"search_term_string"}}],"inLanguage":"nb-NO"},{"@type":"Organization","@id":"http:\/\/boprestegard.no\/wp\/#organization","name":"B\u00f8 Prestegard","url":"http:\/\/boprestegard.no\/wp\/","logo":{"@type":"ImageObject","inLanguage":"nb-NO","@id":"http:\/\/boprestegard.no\/wp\/#\/schema\/logo\/image\/","url":"http:\/\/boprestegard.no\/wp\/wp-content\/uploads\/2018\/06\/toppbilde_ny.jpg","contentUrl":"http:\/\/boprestegard.no\/wp\/wp-content\/uploads\/2018\/06\/toppbilde_ny.jpg","width":1200,"height":230,"caption":"B\u00f8 Prestegard"},"image":{"@id":"http:\/\/boprestegard.no\/wp\/#\/schema\/logo\/image\/"},"sameAs":["https:\/\/nb-no.facebook.com\/B\u00f8-prestegard-215741351797958\/"]}]}},"_links":{"self":[{"href":"https:\/\/boprestegard.no\/wp\/wp-json\/wp\/v2\/tribe_events\/711","targetHints":{"allow":["GET"]}}],"collection":[{"href":"https:\/\/boprestegard.no\/wp\/wp-json\/wp\/v2\/tribe_events"}],"about":[{"href":"https:\/\/boprestegard.no\/wp\/wp-json\/wp\/v2\/types\/tribe_events"}],"author":[{"embeddable":true,"href":"https:\/\/boprestegard.no\/wp\/wp-json\/wp\/v2\/users\/1"}],"version-history":[{"count":7,"href":"https:\/\/boprestegard.no\/wp\/wp-json\/wp\/v2\/tribe_events\/711\/revisions"}],"predecessor-version":[{"id":724,"href":"https:\/\/boprestegard.no\/wp\/wp-json\/wp\/v2\/tribe_events\/711\/revisions\/724"}],"wp:attachment":[{"href":"https:\/\/boprestegard.no\/wp\/wp-json\/wp\/v2\/media?parent=711"}],"wp:term":[{"taxonomy":"post_tag","embeddable":true,"href":"https:\/\/boprestegard.no\/wp\/wp-json\/wp\/v2\/tags?post=711"},{"taxonomy":"tribe_events_cat","embeddable":true,"href":"https:\/\/boprestegard.no\/wp\/wp-json\/wp\/v2\/tribe_events_cat?post=711"}],"curies":[{"name":"wp","href":"https:\/\/api.w.org\/{rel}","templated":true}]}}